{"id":2491,"date":"2021-12-22T21:23:09","date_gmt":"2021-12-23T02:23:09","guid":{"rendered":"https:\/\/www.atelier7hz.com\/wp\/?post_type=project&#038;p=2491"},"modified":"2025-08-22T04:56:47","modified_gmt":"2025-08-22T08:56:47","slug":"2491","status":"publish","type":"project","link":"https:\/\/www.atelier7hz.com\/wp\/project\/2491\/","title":{"rendered":"Salle de spectacle Emma-Albani &#8211; Conception"},"content":{"rendered":"\n[et_pb_section fb_built=\u00a0\u00bb1&Prime; _builder_version=\u00a0\u00bb3.22&Prime; background_color=\u00a0\u00bb#333333&Prime; parallax=\u00a0\u00bbon\u00a0\u00bb parallax_method=\u00a0\u00bboff\u00a0\u00bb transparent_background=\u00a0\u00bboff\u00a0\u00bb][et_pb_row column_structure=\u00a0\u00bb1_2,1_2&Prime; _builder_version=\u00a0\u00bb4.4.7&Prime; background_size=\u00a0\u00bbinitial\u00a0\u00bb background_position=\u00a0\u00bbtop_left\u00a0\u00bb background_repeat=\u00a0\u00bbrepeat\u00a0\u00bb][et_pb_column type=\u00a0\u00bb1_2&Prime; _builder_version=\u00a0\u00bb4.4.7&Prime; custom_padding=\u00a0\u00bb|||\u00a0\u00bb custom_padding__hover=\u00a0\u00bb|||\u00a0\u00bb][et_pb_image src=\u00a0\u00bbhttps:\/\/www.atelier7hz.com\/wp\/wp-content\/uploads\/2021\/12\/Salle-Albani.jpg\u00a0\u00bb title_text=\u00a0\u00bbSalle-Albani\u00a0\u00bb align_tablet=\u00a0\u00bbcenter\u00a0\u00bb align_phone=\u00a0\u00bb\u00a0\u00bb align_last_edited=\u00a0\u00bbon|desktop\u00a0\u00bb admin_label=\u00a0\u00bbImage\u00a0\u00bb _builder_version=\u00a0\u00bb4.4.7&Prime; animation_style=\u00a0\u00bbslide\u00a0\u00bb animation_direction=\u00a0\u00bbleft\u00a0\u00bb animation_duration=\u00a0\u00bb500ms\u00a0\u00bb animation_intensity_slide=\u00a0\u00bb10%\u00a0\u00bb animation=\u00a0\u00bbleft\u00a0\u00bb sticky=\u00a0\u00bboff\u00a0\u00bb][\/et_pb_image][\/et_pb_column][et_pb_column type=\u00a0\u00bb1_2&Prime; _builder_version=\u00a0\u00bb4.4.7&Prime; custom_padding=\u00a0\u00bb|||\u00a0\u00bb custom_padding__hover=\u00a0\u00bb|||\u00a0\u00bb][et_pb_text admin_label=\u00a0\u00bbText\u00a0\u00bb _builder_version=\u00a0\u00bb4.4.7&Prime; background_size=\u00a0\u00bbinitial\u00a0\u00bb background_position=\u00a0\u00bbtop_left\u00a0\u00bb background_repeat=\u00a0\u00bbrepeat\u00a0\u00bb background_layout=\u00a0\u00bbdark\u00a0\u00bb]<h1>Salle de spectacle Emma-Albani de Chambly<\/h1>\n<p>&nbsp;<\/p>[\/et_pb_text][et_pb_text admin_label=\u00a0\u00bbText\u00a0\u00bb _builder_version=\u00a0\u00bb4.4.7&Prime; background_size=\u00a0\u00bbinitial\u00a0\u00bb background_position=\u00a0\u00bbtop_left\u00a0\u00bb background_repeat=\u00a0\u00bbrepeat\u00a0\u00bb background_layout=\u00a0\u00bbdark\u00a0\u00bb]<h4>Description g\u00e9n\u00e9rale<\/h4>\n<p><span>Certains auraient aim\u00e9 que le P\u00f4le culturel de Chambly porte plut\u00f4t le nom d\u2019Emma Albani, personnage illustre native de Chambly. La m\u00e9moire de cette cantatrice soprano sera finalement honor\u00e9e par la salle qui se trouve dans le b\u00e2timent municipal. Elle porte dor\u00e9navant le nom de Salle Emma-Albani.<\/span><\/p>\n<h4>Principaux d\u00e9fis<\/h4>\n<p>L\u2019optimisation de l\u2019acoustique de ce type de lieu passe par l\u2019adaptation de la dur\u00e9e de r\u00e9verb\u00e9ration et l\u2019augmentation de l\u2019intelligibilit\u00e9 pour les diff\u00e9rents types de spectacles pr\u00e9vus. La salle \u00e9tant muti-disciplinaire, une dur\u00e9e de r\u00e9verb\u00e9ration minimale a \u00e9t\u00e9 consid\u00e9r\u00e9e comme objectif. La dur\u00e9e de r\u00e9verb\u00e9ration peut \u00eatre abaiss\u00e9e gr\u00e2ce \u00e0 l\u2019ajout de mat\u00e9riaux absorbants. Leurs surfaces et leurs performances sont alors importantes.<\/p>\n<p>&nbsp;<\/p>\n<p><strong>Ann\u00e9e<\/strong> : 2016-2021 &#8211; <strong>Client<\/strong>\u00a0: Ville de Chambly<\/p>\n<p>&nbsp;<\/p>[\/et_pb_text][et_pb_cta button_url=\u00a0\u00bb\/wp\/fr\/projets\u00a0\u00bb button_text=\u00a0\u00bbRevenir \u00e0 la liste des projets\u00a0\u00bb admin_label=\u00a0\u00bbAppel d&rsquo;action\u00a0\u00bb _builder_version=\u00a0\u00bb3.16&Prime; use_background_color=\u00a0\u00bboff\u00a0\u00bb background_size=\u00a0\u00bbinitial\u00a0\u00bb background_position=\u00a0\u00bbtop_left\u00a0\u00bb background_repeat=\u00a0\u00bbrepeat\u00a0\u00bb text_orientation=\u00a0\u00bbright\u00a0\u00bb button_text_size__hover_enabled=\u00a0\u00bboff\u00a0\u00bb button_one_text_size__hover_enabled=\u00a0\u00bboff\u00a0\u00bb button_two_text_size__hover_enabled=\u00a0\u00bboff\u00a0\u00bb button_text_color__hover_enabled=\u00a0\u00bboff\u00a0\u00bb button_one_text_color__hover_enabled=\u00a0\u00bboff\u00a0\u00bb button_two_text_color__hover_enabled=\u00a0\u00bboff\u00a0\u00bb button_border_width__hover_enabled=\u00a0\u00bboff\u00a0\u00bb button_one_border_width__hover_enabled=\u00a0\u00bboff\u00a0\u00bb button_two_border_width__hover_enabled=\u00a0\u00bboff\u00a0\u00bb button_border_color__hover_enabled=\u00a0\u00bboff\u00a0\u00bb button_one_border_color__hover_enabled=\u00a0\u00bboff\u00a0\u00bb button_two_border_color__hover_enabled=\u00a0\u00bboff\u00a0\u00bb button_border_radius__hover_enabled=\u00a0\u00bboff\u00a0\u00bb button_one_border_radius__hover_enabled=\u00a0\u00bboff\u00a0\u00bb button_two_border_radius__hover_enabled=\u00a0\u00bboff\u00a0\u00bb button_letter_spacing__hover_enabled=\u00a0\u00bboff\u00a0\u00bb button_one_letter_spacing__hover_enabled=\u00a0\u00bboff\u00a0\u00bb button_two_letter_spacing__hover_enabled=\u00a0\u00bboff\u00a0\u00bb button_bg_color__hover_enabled=\u00a0\u00bboff\u00a0\u00bb button_one_bg_color__hover_enabled=\u00a0\u00bboff\u00a0\u00bb button_two_bg_color__hover_enabled=\u00a0\u00bboff\u00a0\u00bb][\/et_pb_cta][\/et_pb_column][\/et_pb_row][\/et_pb_section]\n","protected":false},"excerpt":{"rendered":"<p>Salle de spectacle Emma-Albani de Chambly &nbsp;Description g\u00e9n\u00e9rale Certains auraient aim\u00e9 que le P\u00f4le culturel de Chambly porte plut\u00f4t le nom d\u2019Emma Albani, personnage illustre native de Chambly. La m\u00e9moire de cette cantatrice soprano sera finalement honor\u00e9e par la salle qui se trouve dans le b\u00e2timent municipal. Elle porte dor\u00e9navant le nom de Salle Emma-Albani. [&hellip;]<\/p>\n","protected":false},"author":4,"featured_media":2495,"comment_status":"closed","ping_status":"closed","template":"","meta":{"_et_pb_use_builder":"on","_et_pb_old_content":"","_et_gb_content_width":"","_exactmetrics_skip_tracking":false,"_exactmetrics_sitenote_active":false,"_exactmetrics_sitenote_note":"","_exactmetrics_sitenote_category":0,"footnotes":""},"project_category":[369,206,15,370],"project_tag":[],"class_list":["post-2491","project","type-project","status-publish","has-post-thumbnail","hentry","project_category-bureaux","project_category-institutionnel","project_category-projets","project_category-scolaire"],"yoast_head":"<!-- This site is optimized with the Yoast SEO plugin v25.8 - https:\/\/yoast.com\/wordpress\/plugins\/seo\/ -->\n<title>Salle de spectacle Emma-Albani - Conception - Atelier 7hz<\/title>\n<meta name=\"description\" content=\"Salle de spectacle Emma-Albani - Conception Atelier 7hz acoustics acoustique\" \/>\n<meta name=\"robots\" content=\"index, follow, max-snippet:-1, max-image-preview:large, max-video-preview:-1\" \/>\n<link rel=\"canonical\" href=\"https:\/\/www.atelier7hz.com\/wp\/project\/2491\/\" \/>\n<meta property=\"og:locale\" content=\"fr_FR\" \/>\n<meta property=\"og:type\" content=\"article\" \/>\n<meta property=\"og:title\" content=\"Salle de spectacle Emma-Albani - Conception - Atelier 7hz\" \/>\n<meta property=\"og:description\" content=\"Salle de spectacle Emma-Albani - Conception Atelier 7hz acoustics acoustique\" \/>\n<meta property=\"og:url\" content=\"https:\/\/www.atelier7hz.com\/wp\/project\/2491\/\" \/>\n<meta property=\"og:site_name\" content=\"Atelier 7hz\" \/>\n<meta property=\"article:publisher\" content=\"https:\/\/www.facebook.com\/atelier7hz\" \/>\n<meta property=\"article:modified_time\" content=\"2025-08-22T08:56:47+00:00\" \/>\n<meta property=\"og:image\" content=\"https:\/\/www.atelier7hz.com\/wp\/wp-content\/uploads\/2021\/12\/Salle-Albani-e1734511747556.jpg\" \/>\n\t<meta property=\"og:image:width\" content=\"259\" \/>\n\t<meta property=\"og:image:height\" content=\"173\" \/>\n\t<meta property=\"og:image:type\" content=\"image\/jpeg\" \/>\n<meta name=\"twitter:card\" content=\"summary_large_image\" \/>\n<meta name=\"twitter:label1\" content=\"Dur\u00e9e de lecture estim\u00e9e\" \/>\n\t<meta name=\"twitter:data1\" content=\"2 minutes\" \/>\n<script type=\"application\/ld+json\" class=\"yoast-schema-graph\">{\"@context\":\"https:\/\/schema.org\",\"@graph\":[{\"@type\":\"WebPage\",\"@id\":\"https:\/\/www.atelier7hz.com\/wp\/project\/2491\/\",\"url\":\"https:\/\/www.atelier7hz.com\/wp\/project\/2491\/\",\"name\":\"Salle de spectacle Emma-Albani - Conception - Atelier 7hz\",\"isPartOf\":{\"@id\":\"https:\/\/www.atelier7hz.com\/wp\/#website\"},\"primaryImageOfPage\":{\"@id\":\"https:\/\/www.atelier7hz.com\/wp\/project\/2491\/#primaryimage\"},\"image\":{\"@id\":\"https:\/\/www.atelier7hz.com\/wp\/project\/2491\/#primaryimage\"},\"thumbnailUrl\":\"https:\/\/www.atelier7hz.com\/wp\/wp-content\/uploads\/2021\/12\/Salle-Albani-e1734511747556.jpg\",\"datePublished\":\"2021-12-23T02:23:09+00:00\",\"dateModified\":\"2025-08-22T08:56:47+00:00\",\"description\":\"Salle de spectacle Emma-Albani - Conception Atelier 7hz acoustics acoustique\",\"breadcrumb\":{\"@id\":\"https:\/\/www.atelier7hz.com\/wp\/project\/2491\/#breadcrumb\"},\"inLanguage\":\"fr-FR\",\"potentialAction\":[{\"@type\":\"ReadAction\",\"target\":[\"https:\/\/www.atelier7hz.com\/wp\/project\/2491\/\"]}]},{\"@type\":\"ImageObject\",\"inLanguage\":\"fr-FR\",\"@id\":\"https:\/\/www.atelier7hz.com\/wp\/project\/2491\/#primaryimage\",\"url\":\"https:\/\/www.atelier7hz.com\/wp\/wp-content\/uploads\/2021\/12\/Salle-Albani-e1734511747556.jpg\",\"contentUrl\":\"https:\/\/www.atelier7hz.com\/wp\/wp-content\/uploads\/2021\/12\/Salle-Albani-e1734511747556.jpg\",\"width\":259,\"height\":173,\"caption\":\"Etudes et Reponses Performances - Salle Albani Chambly - Acoustique\"},{\"@type\":\"BreadcrumbList\",\"@id\":\"https:\/\/www.atelier7hz.com\/wp\/project\/2491\/#breadcrumb\",\"itemListElement\":[{\"@type\":\"ListItem\",\"position\":1,\"name\":\"Accueil\",\"item\":\"https:\/\/www.atelier7hz.com\/wp\/\"},{\"@type\":\"ListItem\",\"position\":2,\"name\":\"Projets\",\"item\":\"https:\/\/www.atelier7hz.com\/wp\/project\/\"},{\"@type\":\"ListItem\",\"position\":3,\"name\":\"Salle de spectacle Emma-Albani &#8211; Conception\"}]},{\"@type\":\"WebSite\",\"@id\":\"https:\/\/www.atelier7hz.com\/wp\/#website\",\"url\":\"https:\/\/www.atelier7hz.com\/wp\/\",\"name\":\"Atelier 7hz\",\"description\":\"L&#039;excellence de l&#039;expertise, la clart\u00e9 des recommandations\",\"publisher\":{\"@id\":\"https:\/\/www.atelier7hz.com\/wp\/#organization\"},\"potentialAction\":[{\"@type\":\"SearchAction\",\"target\":{\"@type\":\"EntryPoint\",\"urlTemplate\":\"https:\/\/www.atelier7hz.com\/wp\/?s={search_term_string}\"},\"query-input\":{\"@type\":\"PropertyValueSpecification\",\"valueRequired\":true,\"valueName\":\"search_term_string\"}}],\"inLanguage\":\"fr-FR\"},{\"@type\":\"Organization\",\"@id\":\"https:\/\/www.atelier7hz.com\/wp\/#organization\",\"name\":\"Atelier 7hz\",\"url\":\"https:\/\/www.atelier7hz.com\/wp\/\",\"logo\":{\"@type\":\"ImageObject\",\"inLanguage\":\"fr-FR\",\"@id\":\"https:\/\/www.atelier7hz.com\/wp\/#\/schema\/logo\/image\/\",\"url\":\"https:\/\/www.atelier7hz.com\/wp\/wp-content\/uploads\/2022\/11\/Logo-2022-carre-HD-1024-e1672417311684.png\",\"contentUrl\":\"https:\/\/www.atelier7hz.com\/wp\/wp-content\/uploads\/2022\/11\/Logo-2022-carre-HD-1024-e1672417311684.png\",\"width\":300,\"height\":300,\"caption\":\"Atelier 7hz\"},\"image\":{\"@id\":\"https:\/\/www.atelier7hz.com\/wp\/#\/schema\/logo\/image\/\"},\"sameAs\":[\"https:\/\/www.facebook.com\/atelier7hz\",\"https:\/\/www.linkedin.com\/company\/atelier-7hz\"]}]}<\/script>\n<!-- \/ Yoast SEO plugin. -->","yoast_head_json":{"title":"Salle de spectacle Emma-Albani - Conception - Atelier 7hz","description":"Salle de spectacle Emma-Albani - Conception Atelier 7hz acoustics acoustique","robots":{"index":"index","follow":"follow","max-snippet":"max-snippet:-1","max-image-preview":"max-image-preview:large","max-video-preview":"max-video-preview:-1"},"canonical":"https:\/\/www.atelier7hz.com\/wp\/project\/2491\/","og_locale":"fr_FR","og_type":"article","og_title":"Salle de spectacle Emma-Albani - Conception - Atelier 7hz","og_description":"Salle de spectacle Emma-Albani - Conception Atelier 7hz acoustics acoustique","og_url":"https:\/\/www.atelier7hz.com\/wp\/project\/2491\/","og_site_name":"Atelier 7hz","article_publisher":"https:\/\/www.facebook.com\/atelier7hz","article_modified_time":"2025-08-22T08:56:47+00:00","og_image":[{"width":259,"height":173,"url":"https:\/\/www.atelier7hz.com\/wp\/wp-content\/uploads\/2021\/12\/Salle-Albani-e1734511747556.jpg","type":"image\/jpeg"}],"twitter_card":"summary_large_image","twitter_misc":{"Dur\u00e9e de lecture estim\u00e9e":"2 minutes"},"schema":{"@context":"https:\/\/schema.org","@graph":[{"@type":"WebPage","@id":"https:\/\/www.atelier7hz.com\/wp\/project\/2491\/","url":"https:\/\/www.atelier7hz.com\/wp\/project\/2491\/","name":"Salle de spectacle Emma-Albani - Conception - Atelier 7hz","isPartOf":{"@id":"https:\/\/www.atelier7hz.com\/wp\/#website"},"primaryImageOfPage":{"@id":"https:\/\/www.atelier7hz.com\/wp\/project\/2491\/#primaryimage"},"image":{"@id":"https:\/\/www.atelier7hz.com\/wp\/project\/2491\/#primaryimage"},"thumbnailUrl":"https:\/\/www.atelier7hz.com\/wp\/wp-content\/uploads\/2021\/12\/Salle-Albani-e1734511747556.jpg","datePublished":"2021-12-23T02:23:09+00:00","dateModified":"2025-08-22T08:56:47+00:00","description":"Salle de spectacle Emma-Albani - Conception Atelier 7hz acoustics acoustique","breadcrumb":{"@id":"https:\/\/www.atelier7hz.com\/wp\/project\/2491\/#breadcrumb"},"inLanguage":"fr-FR","potentialAction":[{"@type":"ReadAction","target":["https:\/\/www.atelier7hz.com\/wp\/project\/2491\/"]}]},{"@type":"ImageObject","inLanguage":"fr-FR","@id":"https:\/\/www.atelier7hz.com\/wp\/project\/2491\/#primaryimage","url":"https:\/\/www.atelier7hz.com\/wp\/wp-content\/uploads\/2021\/12\/Salle-Albani-e1734511747556.jpg","contentUrl":"https:\/\/www.atelier7hz.com\/wp\/wp-content\/uploads\/2021\/12\/Salle-Albani-e1734511747556.jpg","width":259,"height":173,"caption":"Etudes et Reponses Performances - Salle Albani Chambly - Acoustique"},{"@type":"BreadcrumbList","@id":"https:\/\/www.atelier7hz.com\/wp\/project\/2491\/#breadcrumb","itemListElement":[{"@type":"ListItem","position":1,"name":"Accueil","item":"https:\/\/www.atelier7hz.com\/wp\/"},{"@type":"ListItem","position":2,"name":"Projets","item":"https:\/\/www.atelier7hz.com\/wp\/project\/"},{"@type":"ListItem","position":3,"name":"Salle de spectacle Emma-Albani &#8211; Conception"}]},{"@type":"WebSite","@id":"https:\/\/www.atelier7hz.com\/wp\/#website","url":"https:\/\/www.atelier7hz.com\/wp\/","name":"Atelier 7hz","description":"L&#039;excellence de l&#039;expertise, la clart\u00e9 des recommandations","publisher":{"@id":"https:\/\/www.atelier7hz.com\/wp\/#organization"},"potentialAction":[{"@type":"SearchAction","target":{"@type":"EntryPoint","urlTemplate":"https:\/\/www.atelier7hz.com\/wp\/?s={search_term_string}"},"query-input":{"@type":"PropertyValueSpecification","valueRequired":true,"valueName":"search_term_string"}}],"inLanguage":"fr-FR"},{"@type":"Organization","@id":"https:\/\/www.atelier7hz.com\/wp\/#organization","name":"Atelier 7hz","url":"https:\/\/www.atelier7hz.com\/wp\/","logo":{"@type":"ImageObject","inLanguage":"fr-FR","@id":"https:\/\/www.atelier7hz.com\/wp\/#\/schema\/logo\/image\/","url":"https:\/\/www.atelier7hz.com\/wp\/wp-content\/uploads\/2022\/11\/Logo-2022-carre-HD-1024-e1672417311684.png","contentUrl":"https:\/\/www.atelier7hz.com\/wp\/wp-content\/uploads\/2022\/11\/Logo-2022-carre-HD-1024-e1672417311684.png","width":300,"height":300,"caption":"Atelier 7hz"},"image":{"@id":"https:\/\/www.atelier7hz.com\/wp\/#\/schema\/logo\/image\/"},"sameAs":["https:\/\/www.facebook.com\/atelier7hz","https:\/\/www.linkedin.com\/company\/atelier-7hz"]}]}},"_links":{"self":[{"href":"https:\/\/www.atelier7hz.com\/wp\/wp-json\/wp\/v2\/project\/2491","targetHints":{"allow":["GET"]}}],"collection":[{"href":"https:\/\/www.atelier7hz.com\/wp\/wp-json\/wp\/v2\/project"}],"about":[{"href":"https:\/\/www.atelier7hz.com\/wp\/wp-json\/wp\/v2\/types\/project"}],"author":[{"embeddable":true,"href":"https:\/\/www.atelier7hz.com\/wp\/wp-json\/wp\/v2\/users\/4"}],"replies":[{"embeddable":true,"href":"https:\/\/www.atelier7hz.com\/wp\/wp-json\/wp\/v2\/comments?post=2491"}],"version-history":[{"count":2,"href":"https:\/\/www.atelier7hz.com\/wp\/wp-json\/wp\/v2\/project\/2491\/revisions"}],"predecessor-version":[{"id":6561,"href":"https:\/\/www.atelier7hz.com\/wp\/wp-json\/wp\/v2\/project\/2491\/revisions\/6561"}],"wp:featuredmedia":[{"embeddable":true,"href":"https:\/\/www.atelier7hz.com\/wp\/wp-json\/wp\/v2\/media\/2495"}],"wp:attachment":[{"href":"https:\/\/www.atelier7hz.com\/wp\/wp-json\/wp\/v2\/media?parent=2491"}],"wp:term":[{"taxonomy":"project_category","embeddable":true,"href":"https:\/\/www.atelier7hz.com\/wp\/wp-json\/wp\/v2\/project_category?post=2491"},{"taxonomy":"project_tag","embeddable":true,"href":"https:\/\/www.atelier7hz.com\/wp\/wp-json\/wp\/v2\/project_tag?post=2491"}],"curies":[{"name":"wp","href":"https:\/\/api.w.org\/{rel}","templated":true}]}}