{"id":5690,"date":"2024-12-12T04:38:59","date_gmt":"2024-12-12T09:38:59","guid":{"rendered":"https:\/\/www.atelier7hz.com\/wp\/?post_type=project&#038;p=5690"},"modified":"2025-02-03T11:55:43","modified_gmt":"2025-02-03T16:55:43","slug":"maison-pour-la-vie-de-la-fondation-verolouis-conception","status":"publish","type":"project","link":"https:\/\/www.atelier7hz.com\/wp\/fr-fr\/project\/maison-pour-la-vie-de-la-fondation-verolouis-conception\/","title":{"rendered":"Maison pour la Vie de la Fondation V\u00e9ro&#038;Louis &#8211; Conception"},"content":{"rendered":"<p>[et_pb_section fb_built=\u00a0\u00bb1&Prime; _builder_version=\u00a0\u00bb4.16&Prime; background_color=\u00a0\u00bb#333333&Prime; parallax=\u00a0\u00bbon\u00a0\u00bb parallax_method=\u00a0\u00bboff\u00a0\u00bb transparent_background=\u00a0\u00bboff\u00a0\u00bb global_colors_info=\u00a0\u00bb{}\u00a0\u00bb][et_pb_row column_structure=\u00a0\u00bb1_2,1_2&Prime; _builder_version=\u00a0\u00bb4.16&Prime; background_size=\u00a0\u00bbinitial\u00a0\u00bb background_position=\u00a0\u00bbtop_left\u00a0\u00bb background_repeat=\u00a0\u00bbrepeat\u00a0\u00bb global_colors_info=\u00a0\u00bb{}\u00a0\u00bb][et_pb_column type=\u00a0\u00bb1_2&Prime; _builder_version=\u00a0\u00bb4.16&Prime; custom_padding=\u00a0\u00bb|||\u00a0\u00bb global_colors_info=\u00a0\u00bb{}\u00a0\u00bb custom_padding__hover=\u00a0\u00bb|||\u00a0\u00bb][et_pb_image src=\u00a0\u00bbhttps:\/\/www.atelier7hz.com\/wp\/wp-content\/uploads\/2025\/02\/Maison_Vie-Fondation_VeroLouis-510&#215;382.jpg.webp\u00a0\u00bb align_tablet=\u00a0\u00bbcenter\u00a0\u00bb align_phone=\u00a0\u00bbcenter\u00a0\u00bb align_last_edited=\u00a0\u00bbon|desktop\u00a0\u00bb admin_label=\u00a0\u00bbImage\u00a0\u00bb _builder_version=\u00a0\u00bb4.27.4&Prime; animation_style=\u00a0\u00bbslide\u00a0\u00bb animation_direction=\u00a0\u00bbleft\u00a0\u00bb animation_duration=\u00a0\u00bb500ms\u00a0\u00bb animation_intensity_slide=\u00a0\u00bb10%\u00a0\u00bb hover_enabled=\u00a0\u00bb0&Prime; animation=\u00a0\u00bbleft\u00a0\u00bb sticky=\u00a0\u00bboff\u00a0\u00bb global_colors_info=\u00a0\u00bb{}\u00a0\u00bb sticky_enabled=\u00a0\u00bb0&Prime;][\/et_pb_image][\/et_pb_column][et_pb_column type=\u00a0\u00bb1_2&Prime; _builder_version=\u00a0\u00bb4.16&Prime; custom_padding=\u00a0\u00bb|||\u00a0\u00bb global_colors_info=\u00a0\u00bb{}\u00a0\u00bb custom_padding__hover=\u00a0\u00bb|||\u00a0\u00bb][et_pb_text admin_label=\u00a0\u00bbText\u00a0\u00bb _builder_version=\u00a0\u00bb4.16&Prime; background_size=\u00a0\u00bbinitial\u00a0\u00bb background_position=\u00a0\u00bbtop_left\u00a0\u00bb background_repeat=\u00a0\u00bbrepeat\u00a0\u00bb background_layout=\u00a0\u00bbdark\u00a0\u00bb global_colors_info=\u00a0\u00bb{}\u00a0\u00bb]<\/p>\n<h1>Maison adapt\u00e9e de la Fondation V\u00e9ro &amp; Louis<\/h1>\n<p>[\/et_pb_text][et_pb_text admin_label=\u00a0\u00bbText\u00a0\u00bb _builder_version=\u00a0\u00bb4.16&Prime; background_size=\u00a0\u00bbinitial\u00a0\u00bb background_position=\u00a0\u00bbtop_left\u00a0\u00bb background_repeat=\u00a0\u00bbrepeat\u00a0\u00bb background_layout=\u00a0\u00bbdark\u00a0\u00bb global_colors_info=\u00a0\u00bb{}\u00a0\u00bb]<\/p>\n<h4>Description g\u00e9n\u00e9rale<\/h4>\n<p>Le projet comprend la cr\u00e9ation d&rsquo;une maison adapt\u00e9e pour les personnes autistes \u00e0 Varennes. Atelier 7hz, en collaboration avec TAG architecture a le mandat d&rsquo;\u00c9tudier toutes les facettes de l&rsquo;acoustique du projet. En effet, ce type de public est tr\u00e8s sensible \u00e0 l&rsquo;acoustique et l&rsquo;environnement sonore. C&rsquo;est un\u00a0projet d\u2019h\u00e9bergement novateur \u00e0 Varennes pour 16 personnes de plus de 21 ans vivant avec un TSA pourront b\u00e9n\u00e9ficier d\u2019un milieu de vie r\u00e9pondant le mieux possible \u00e0 leurs besoins particuliers qui ne peuvent \u00eatre combl\u00e9s dans d\u2019autres types de milieux de vie existants et qui n\u2019ont plus besoin de l\u2019encadrement offert en r\u00e9sidence \u00e0 assistance continue.<\/p>\n<h4>Principaux d\u00e9fis<\/h4>\n<p>Cr\u00e9er des espaces vivant et ayant une bonne isolation acoustique. Adapter l&rsquo;acoustique des lieux aux sp\u00e9cificit\u00e9s des personnes ayant un TSA pour assurer un confort optimal.<\/p>\n<p>&nbsp;<\/p>\n<p><strong>Ann\u00e9e<\/strong> : 2018-2019 &#8211; <strong>Architecte<\/strong>\u00a0: TAG Architecture<\/p>\n<h4><\/h4>\n<p>&nbsp;<br \/>\n[\/et_pb_text][et_pb_cta button_url=\u00a0\u00bb\/wp\/fr-fr\/projets-2&Prime; button_text=\u00a0\u00bbRevenir \u00e0 la liste des projets\u00a0\u00bb admin_label=\u00a0\u00bbAppel d&rsquo;action\u00a0\u00bb _builder_version=\u00a0\u00bb4.20.0&Prime; use_background_color=\u00a0\u00bboff\u00a0\u00bb background_size=\u00a0\u00bbinitial\u00a0\u00bb background_position=\u00a0\u00bbtop_left\u00a0\u00bb background_repeat=\u00a0\u00bbrepeat\u00a0\u00bb text_orientation=\u00a0\u00bbright\u00a0\u00bb global_colors_info=\u00a0\u00bb{}\u00a0\u00bb button_text_size__hover_enabled=\u00a0\u00bboff\u00a0\u00bb button_one_text_size__hover_enabled=\u00a0\u00bboff\u00a0\u00bb button_two_text_size__hover_enabled=\u00a0\u00bboff\u00a0\u00bb button_text_color__hover_enabled=\u00a0\u00bboff\u00a0\u00bb button_one_text_color__hover_enabled=\u00a0\u00bboff\u00a0\u00bb button_two_text_color__hover_enabled=\u00a0\u00bboff\u00a0\u00bb button_border_width__hover_enabled=\u00a0\u00bboff\u00a0\u00bb button_one_border_width__hover_enabled=\u00a0\u00bboff\u00a0\u00bb button_two_border_width__hover_enabled=\u00a0\u00bboff\u00a0\u00bb button_border_color__hover_enabled=\u00a0\u00bboff\u00a0\u00bb button_one_border_color__hover_enabled=\u00a0\u00bboff\u00a0\u00bb button_two_border_color__hover_enabled=\u00a0\u00bboff\u00a0\u00bb button_border_radius__hover_enabled=\u00a0\u00bboff\u00a0\u00bb button_one_border_radius__hover_enabled=\u00a0\u00bboff\u00a0\u00bb button_two_border_radius__hover_enabled=\u00a0\u00bboff\u00a0\u00bb button_letter_spacing__hover_enabled=\u00a0\u00bboff\u00a0\u00bb button_one_letter_spacing__hover_enabled=\u00a0\u00bboff\u00a0\u00bb button_two_letter_spacing__hover_enabled=\u00a0\u00bboff\u00a0\u00bb button_bg_color__hover_enabled=\u00a0\u00bboff\u00a0\u00bb button_one_bg_color__hover_enabled=\u00a0\u00bboff\u00a0\u00bb button_two_bg_color__hover_enabled=\u00a0\u00bboff\u00a0\u00bb][\/et_pb_cta][\/et_pb_column][\/et_pb_row][\/et_pb_section][et_pb_section fb_built=\u00a0\u00bb1&Prime; _builder_version=\u00a0\u00bb4.16&Prime; background_color=\u00a0\u00bb#262626&Prime; transparent_background=\u00a0\u00bboff\u00a0\u00bb global_colors_info=\u00a0\u00bb{}\u00a0\u00bb][et_pb_row column_structure=\u00a0\u00bb1_4,1_4,1_4,1_4&Prime; _builder_version=\u00a0\u00bb4.16&Prime; background_size=\u00a0\u00bbinitial\u00a0\u00bb background_position=\u00a0\u00bbtop_left\u00a0\u00bb background_repeat=\u00a0\u00bbrepeat\u00a0\u00bb global_colors_info=\u00a0\u00bb{}\u00a0\u00bb][et_pb_column type=\u00a0\u00bb1_4&Prime; _builder_version=\u00a0\u00bb4.16&Prime; custom_padding=\u00a0\u00bb|||\u00a0\u00bb global_colors_info=\u00a0\u00bb{}\u00a0\u00bb custom_padding__hover=\u00a0\u00bb|||\u00a0\u00bb][et_pb_text admin_label=\u00a0\u00bbTexte\u00a0\u00bb _builder_version=\u00a0\u00bb4.16&Prime; background_size=\u00a0\u00bbinitial\u00a0\u00bb background_position=\u00a0\u00bbtop_left\u00a0\u00bb background_repeat=\u00a0\u00bbrepeat\u00a0\u00bb global_colors_info=\u00a0\u00bb{}\u00a0\u00bb]<strong>Menu<\/strong><br \/>\n[\/et_pb_text][et_pb_sidebar area=\u00a0\u00bbet_pb_widget_area_2&Prime; admin_label=\u00a0\u00bbBarre lat\u00e9rale\u00a0\u00bb _builder_version=\u00a0\u00bb4.16&Prime; global_colors_info=\u00a0\u00bb{}\u00a0\u00bb][\/et_pb_sidebar][\/et_pb_column][et_pb_column type=\u00a0\u00bb1_4&Prime; _builder_version=\u00a0\u00bb4.16&Prime; custom_padding=\u00a0\u00bb|||\u00a0\u00bb global_colors_info=\u00a0\u00bb{}\u00a0\u00bb custom_padding__hover=\u00a0\u00bb|||\u00a0\u00bb][et_pb_sidebar area=\u00a0\u00bbet_pb_widget_area_6&Prime; admin_label=\u00a0\u00bbBarre lat\u00e9rale\u00a0\u00bb _builder_version=\u00a0\u00bb4.16&Prime; global_colors_info=\u00a0\u00bb{}\u00a0\u00bb][\/et_pb_sidebar][et_pb_blurb url=\u00a0\u00bb#mailmunch-pop-673154&Prime; use_icon=\u00a0\u00bbon\u00a0\u00bb font_icon=\u00a0\u00bb&#xe010;||divi||400&Prime; icon_placement=\u00a0\u00bbleft\u00a0\u00bb admin_label=\u00a0\u00bbR\u00e9sum\u00e9\u00a0\u00bb _builder_version=\u00a0\u00bb4.16&Prime; background_size=\u00a0\u00bbinitial\u00a0\u00bb background_position=\u00a0\u00bbtop_left\u00a0\u00bb background_repeat=\u00a0\u00bbrepeat\u00a0\u00bb background_layout=\u00a0\u00bbdark\u00a0\u00bb animation=\u00a0\u00bboff\u00a0\u00bb image_max_width=\u00a0\u00bbnone\u00a0\u00bb use_circle=\u00a0\u00bboff\u00a0\u00bb use_circle_border=\u00a0\u00bboff\u00a0\u00bb circle_border_color=\u00a0\u00bb#0089c9&Prime; circle_color=\u00a0\u00bb#0089c9&Prime; global_colors_info=\u00a0\u00bb{}\u00a0\u00bb]<\/p>\n<h5><a href=\"#mailmunch-pop-673154\"><span style=\"color: #0089c9;\">Infolettre<\/span><\/a><\/h5>\n<p>&nbsp;<br \/>\n[\/et_pb_blurb][et_pb_social_media_follow admin_label=\u00a0\u00bbSuivez-nous sur les r\u00e9seaux sociaux\u00a0\u00bb _builder_version=\u00a0\u00bb4.16&Prime; border_radii=\u00a0\u00bbon|100%|100%|100%|100%\u00a0\u00bb link_shape=\u00a0\u00bbcircle\u00a0\u00bb global_colors_info=\u00a0\u00bb{}\u00a0\u00bb][et_pb_social_media_follow_network social_network=\u00a0\u00bblinkedin\u00a0\u00bb url=\u00a0\u00bbhttps:\/\/www.linkedin.com\/company\/atelier-7hz\u00a0\u00bb _builder_version=\u00a0\u00bb4.16&Prime; background_color=\u00a0\u00bb#007bb6&Prime; bg_color=\u00a0\u00bb#007bb6&Prime; global_colors_info=\u00a0\u00bb{}\u00a0\u00bb follow_button=\u00a0\u00bboff\u00a0\u00bb url_new_window=\u00a0\u00bbon\u00a0\u00bb]LinkedIn[\/et_pb_social_media_follow_network][et_pb_social_media_follow_network social_network=\u00a0\u00bbfacebook\u00a0\u00bb url=\u00a0\u00bbhttps:\/\/www.facebook.com\/Atelier-7hz-981973658540857\/\u00a0\u00bb _builder_version=\u00a0\u00bb4.16&Prime; background_color=\u00a0\u00bb#3b5998&Prime; bg_color=\u00a0\u00bb#3b5998&Prime; global_colors_info=\u00a0\u00bb{}\u00a0\u00bb follow_button=\u00a0\u00bboff\u00a0\u00bb url_new_window=\u00a0\u00bbon\u00a0\u00bb]Facebook[\/et_pb_social_media_follow_network][\/et_pb_social_media_follow][\/et_pb_column][et_pb_column type=\u00a0\u00bb1_4&Prime; _builder_version=\u00a0\u00bb4.16&Prime; custom_padding=\u00a0\u00bb|||\u00a0\u00bb global_colors_info=\u00a0\u00bb{}\u00a0\u00bb custom_padding__hover=\u00a0\u00bb|||\u00a0\u00bb][et_pb_sidebar area=\u00a0\u00bbet_pb_widget_area_3&Prime; admin_label=\u00a0\u00bbBarre lat\u00e9rale\u00a0\u00bb _builder_version=\u00a0\u00bb4.16&Prime; global_colors_info=\u00a0\u00bb{}\u00a0\u00bb][\/et_pb_sidebar][\/et_pb_column][et_pb_column type=\u00a0\u00bb1_4&Prime; _builder_version=\u00a0\u00bb4.16&Prime; custom_padding=\u00a0\u00bb|||\u00a0\u00bb global_colors_info=\u00a0\u00bb{}\u00a0\u00bb custom_padding__hover=\u00a0\u00bb|||\u00a0\u00bb][et_pb_cta title=\u00a0\u00bbWorking with us?\u00a0\u00bb button_url=\u00a0\u00bb\/wp\/fr\/Contact-en\u00a0\u00bb button_text=\u00a0\u00bbContact\u00a0\u00bb admin_label=\u00a0\u00bbAppel d&rsquo;action\u00a0\u00bb _builder_version=\u00a0\u00bb4.16&Prime; background_size=\u00a0\u00bbinitial\u00a0\u00bb background_position=\u00a0\u00bbtop_left\u00a0\u00bb background_repeat=\u00a0\u00bbrepeat\u00a0\u00bb global_colors_info=\u00a0\u00bb{}\u00a0\u00bb button_text_size__hover_enabled=\u00a0\u00bboff\u00a0\u00bb button_one_text_size__hover_enabled=\u00a0\u00bboff\u00a0\u00bb button_two_text_size__hover_enabled=\u00a0\u00bboff\u00a0\u00bb button_text_color__hover_enabled=\u00a0\u00bboff\u00a0\u00bb button_one_text_color__hover_enabled=\u00a0\u00bboff\u00a0\u00bb button_two_text_color__hover_enabled=\u00a0\u00bboff\u00a0\u00bb button_border_width__hover_enabled=\u00a0\u00bboff\u00a0\u00bb button_one_border_width__hover_enabled=\u00a0\u00bboff\u00a0\u00bb button_two_border_width__hover_enabled=\u00a0\u00bboff\u00a0\u00bb button_border_color__hover_enabled=\u00a0\u00bboff\u00a0\u00bb button_one_border_color__hover_enabled=\u00a0\u00bboff\u00a0\u00bb button_two_border_color__hover_enabled=\u00a0\u00bboff\u00a0\u00bb button_border_radius__hover_enabled=\u00a0\u00bboff\u00a0\u00bb button_one_border_radius__hover_enabled=\u00a0\u00bboff\u00a0\u00bb button_two_border_radius__hover_enabled=\u00a0\u00bboff\u00a0\u00bb button_letter_spacing__hover_enabled=\u00a0\u00bboff\u00a0\u00bb button_one_letter_spacing__hover_enabled=\u00a0\u00bboff\u00a0\u00bb button_two_letter_spacing__hover_enabled=\u00a0\u00bboff\u00a0\u00bb button_bg_color__hover_enabled=\u00a0\u00bboff\u00a0\u00bb button_one_bg_color__hover_enabled=\u00a0\u00bboff\u00a0\u00bb button_two_bg_color__hover_enabled=\u00a0\u00bboff\u00a0\u00bb][\/et_pb_cta][\/et_pb_column][\/et_pb_row][\/et_pb_section]<\/p>\n","protected":false},"excerpt":{"rendered":"<p>Maison adapt\u00e9e de la Fondation V\u00e9ro &amp; Louis Description g\u00e9n\u00e9rale Le projet comprend la cr\u00e9ation d&rsquo;une maison adapt\u00e9e pour les personnes autistes \u00e0 Varennes. Atelier 7hz, en collaboration avec TAG architecture a le mandat d&rsquo;\u00c9tudier toutes les facettes de l&rsquo;acoustique du projet. En effet, ce type de public est tr\u00e8s sensible \u00e0 l&rsquo;acoustique et l&rsquo;environnement [&hellip;]<\/p>\n","protected":false},"author":4,"featured_media":6163,"comment_status":"closed","ping_status":"closed","template":"","meta":{"_et_pb_use_builder":"on","_et_pb_old_content":"","_et_gb_content_width":"","_exactmetrics_skip_tracking":false,"_exactmetrics_sitenote_active":false,"_exactmetrics_sitenote_note":"","_exactmetrics_sitenote_category":0,"footnotes":""},"project_category":[206,202,15,367],"project_tag":[],"class_list":["post-5690","project","type-project","status-publish","has-post-thumbnail","hentry","project_category-institutionnel","project_category-logements","project_category-projets","project_category-sante-care"],"yoast_head":"<!-- This site is optimized with the Yoast SEO plugin v25.8 - https:\/\/yoast.com\/wordpress\/plugins\/seo\/ -->\n<title>Maison pour la Vie de la Fondation V\u00e9ro&amp;Louis - Conception - Atelier 7hz<\/title>\n<meta name=\"description\" content=\"Maison pour la Vie de la Fondation V\u00e9ro&amp;Louis - Conception Atelier 7hz acoustics acoustique\" \/>\n<meta name=\"robots\" content=\"index, follow, max-snippet:-1, max-image-preview:large, max-video-preview:-1\" \/>\n<link rel=\"canonical\" href=\"https:\/\/www.atelier7hz.com\/wp\/fr-fr\/project\/maison-pour-la-vie-de-la-fondation-verolouis-conception\/\" \/>\n<meta property=\"og:locale\" content=\"fr_FR\" \/>\n<meta property=\"og:type\" content=\"article\" \/>\n<meta property=\"og:title\" content=\"Maison pour la Vie de la Fondation V\u00e9ro&amp;Louis - Conception - Atelier 7hz\" \/>\n<meta property=\"og:description\" content=\"Maison pour la Vie de la Fondation V\u00e9ro&amp;Louis - Conception Atelier 7hz acoustics acoustique\" \/>\n<meta property=\"og:url\" content=\"https:\/\/www.atelier7hz.com\/wp\/fr-fr\/project\/maison-pour-la-vie-de-la-fondation-verolouis-conception\/\" \/>\n<meta property=\"og:site_name\" content=\"Atelier 7hz\" \/>\n<meta property=\"article:publisher\" content=\"https:\/\/www.facebook.com\/atelier7hz\" \/>\n<meta property=\"article:modified_time\" content=\"2025-02-03T16:55:43+00:00\" \/>\n<meta property=\"og:image\" content=\"https:\/\/www.atelier7hz.com\/wp\/wp-content\/uploads\/2025\/02\/Maison_Vie-Fondation_VeroLouis.jpg\" \/>\n\t<meta property=\"og:image:width\" content=\"669\" \/>\n\t<meta property=\"og:image:height\" content=\"500\" \/>\n\t<meta property=\"og:image:type\" content=\"image\/jpeg\" \/>\n<meta name=\"twitter:card\" content=\"summary_large_image\" \/>\n<script type=\"application\/ld+json\" class=\"yoast-schema-graph\">{\"@context\":\"https:\/\/schema.org\",\"@graph\":[{\"@type\":\"WebPage\",\"@id\":\"https:\/\/www.atelier7hz.com\/wp\/fr-fr\/project\/maison-pour-la-vie-de-la-fondation-verolouis-conception\/\",\"url\":\"https:\/\/www.atelier7hz.com\/wp\/fr-fr\/project\/maison-pour-la-vie-de-la-fondation-verolouis-conception\/\",\"name\":\"Maison pour la Vie de la Fondation V\u00e9ro&Louis - Conception - Atelier 7hz\",\"isPartOf\":{\"@id\":\"https:\/\/www.atelier7hz.com\/wp\/#website\"},\"primaryImageOfPage\":{\"@id\":\"https:\/\/www.atelier7hz.com\/wp\/fr-fr\/project\/maison-pour-la-vie-de-la-fondation-verolouis-conception\/#primaryimage\"},\"image\":{\"@id\":\"https:\/\/www.atelier7hz.com\/wp\/fr-fr\/project\/maison-pour-la-vie-de-la-fondation-verolouis-conception\/#primaryimage\"},\"thumbnailUrl\":\"https:\/\/www.atelier7hz.com\/wp\/wp-content\/uploads\/2025\/02\/Maison_Vie-Fondation_VeroLouis.jpg\",\"datePublished\":\"2024-12-12T09:38:59+00:00\",\"dateModified\":\"2025-02-03T16:55:43+00:00\",\"description\":\"Maison pour la Vie de la Fondation V\u00e9ro&Louis - Conception Atelier 7hz acoustics acoustique\",\"breadcrumb\":{\"@id\":\"https:\/\/www.atelier7hz.com\/wp\/fr-fr\/project\/maison-pour-la-vie-de-la-fondation-verolouis-conception\/#breadcrumb\"},\"inLanguage\":\"fr-FR\",\"potentialAction\":[{\"@type\":\"ReadAction\",\"target\":[\"https:\/\/www.atelier7hz.com\/wp\/fr-fr\/project\/maison-pour-la-vie-de-la-fondation-verolouis-conception\/\"]}]},{\"@type\":\"ImageObject\",\"inLanguage\":\"fr-FR\",\"@id\":\"https:\/\/www.atelier7hz.com\/wp\/fr-fr\/project\/maison-pour-la-vie-de-la-fondation-verolouis-conception\/#primaryimage\",\"url\":\"https:\/\/www.atelier7hz.com\/wp\/wp-content\/uploads\/2025\/02\/Maison_Vie-Fondation_VeroLouis.jpg\",\"contentUrl\":\"https:\/\/www.atelier7hz.com\/wp\/wp-content\/uploads\/2025\/02\/Maison_Vie-Fondation_VeroLouis.jpg\",\"width\":669,\"height\":500},{\"@type\":\"BreadcrumbList\",\"@id\":\"https:\/\/www.atelier7hz.com\/wp\/fr-fr\/project\/maison-pour-la-vie-de-la-fondation-verolouis-conception\/#breadcrumb\",\"itemListElement\":[{\"@type\":\"ListItem\",\"position\":1,\"name\":\"Accueil\",\"item\":\"https:\/\/www.atelier7hz.com\/wp\/\"},{\"@type\":\"ListItem\",\"position\":2,\"name\":\"Projets\",\"item\":\"https:\/\/www.atelier7hz.com\/wp\/project\/\"},{\"@type\":\"ListItem\",\"position\":3,\"name\":\"Maison pour la Vie de la Fondation V\u00e9ro&#038;Louis &#8211; Conception\"}]},{\"@type\":\"WebSite\",\"@id\":\"https:\/\/www.atelier7hz.com\/wp\/#website\",\"url\":\"https:\/\/www.atelier7hz.com\/wp\/\",\"name\":\"Atelier 7hz\",\"description\":\"L&#039;excellence de l&#039;expertise, la clart\u00e9 des recommandations\",\"publisher\":{\"@id\":\"https:\/\/www.atelier7hz.com\/wp\/#organization\"},\"potentialAction\":[{\"@type\":\"SearchAction\",\"target\":{\"@type\":\"EntryPoint\",\"urlTemplate\":\"https:\/\/www.atelier7hz.com\/wp\/?s={search_term_string}\"},\"query-input\":{\"@type\":\"PropertyValueSpecification\",\"valueRequired\":true,\"valueName\":\"search_term_string\"}}],\"inLanguage\":\"fr-FR\"},{\"@type\":\"Organization\",\"@id\":\"https:\/\/www.atelier7hz.com\/wp\/#organization\",\"name\":\"Atelier 7hz\",\"url\":\"https:\/\/www.atelier7hz.com\/wp\/\",\"logo\":{\"@type\":\"ImageObject\",\"inLanguage\":\"fr-FR\",\"@id\":\"https:\/\/www.atelier7hz.com\/wp\/#\/schema\/logo\/image\/\",\"url\":\"https:\/\/www.atelier7hz.com\/wp\/wp-content\/uploads\/2022\/11\/Logo-2022-carre-HD-1024-e1672417311684.png\",\"contentUrl\":\"https:\/\/www.atelier7hz.com\/wp\/wp-content\/uploads\/2022\/11\/Logo-2022-carre-HD-1024-e1672417311684.png\",\"width\":300,\"height\":300,\"caption\":\"Atelier 7hz\"},\"image\":{\"@id\":\"https:\/\/www.atelier7hz.com\/wp\/#\/schema\/logo\/image\/\"},\"sameAs\":[\"https:\/\/www.facebook.com\/atelier7hz\",\"https:\/\/www.linkedin.com\/company\/atelier-7hz\"]}]}<\/script>\n<!-- \/ Yoast SEO plugin. -->","yoast_head_json":{"title":"Maison pour la Vie de la Fondation V\u00e9ro&Louis - Conception - Atelier 7hz","description":"Maison pour la Vie de la Fondation V\u00e9ro&Louis - Conception Atelier 7hz acoustics acoustique","robots":{"index":"index","follow":"follow","max-snippet":"max-snippet:-1","max-image-preview":"max-image-preview:large","max-video-preview":"max-video-preview:-1"},"canonical":"https:\/\/www.atelier7hz.com\/wp\/fr-fr\/project\/maison-pour-la-vie-de-la-fondation-verolouis-conception\/","og_locale":"fr_FR","og_type":"article","og_title":"Maison pour la Vie de la Fondation V\u00e9ro&Louis - Conception - Atelier 7hz","og_description":"Maison pour la Vie de la Fondation V\u00e9ro&Louis - Conception Atelier 7hz acoustics acoustique","og_url":"https:\/\/www.atelier7hz.com\/wp\/fr-fr\/project\/maison-pour-la-vie-de-la-fondation-verolouis-conception\/","og_site_name":"Atelier 7hz","article_publisher":"https:\/\/www.facebook.com\/atelier7hz","article_modified_time":"2025-02-03T16:55:43+00:00","og_image":[{"width":669,"height":500,"url":"https:\/\/www.atelier7hz.com\/wp\/wp-content\/uploads\/2025\/02\/Maison_Vie-Fondation_VeroLouis.jpg","type":"image\/jpeg"}],"twitter_card":"summary_large_image","schema":{"@context":"https:\/\/schema.org","@graph":[{"@type":"WebPage","@id":"https:\/\/www.atelier7hz.com\/wp\/fr-fr\/project\/maison-pour-la-vie-de-la-fondation-verolouis-conception\/","url":"https:\/\/www.atelier7hz.com\/wp\/fr-fr\/project\/maison-pour-la-vie-de-la-fondation-verolouis-conception\/","name":"Maison pour la Vie de la Fondation V\u00e9ro&Louis - Conception - Atelier 7hz","isPartOf":{"@id":"https:\/\/www.atelier7hz.com\/wp\/#website"},"primaryImageOfPage":{"@id":"https:\/\/www.atelier7hz.com\/wp\/fr-fr\/project\/maison-pour-la-vie-de-la-fondation-verolouis-conception\/#primaryimage"},"image":{"@id":"https:\/\/www.atelier7hz.com\/wp\/fr-fr\/project\/maison-pour-la-vie-de-la-fondation-verolouis-conception\/#primaryimage"},"thumbnailUrl":"https:\/\/www.atelier7hz.com\/wp\/wp-content\/uploads\/2025\/02\/Maison_Vie-Fondation_VeroLouis.jpg","datePublished":"2024-12-12T09:38:59+00:00","dateModified":"2025-02-03T16:55:43+00:00","description":"Maison pour la Vie de la Fondation V\u00e9ro&Louis - Conception Atelier 7hz acoustics acoustique","breadcrumb":{"@id":"https:\/\/www.atelier7hz.com\/wp\/fr-fr\/project\/maison-pour-la-vie-de-la-fondation-verolouis-conception\/#breadcrumb"},"inLanguage":"fr-FR","potentialAction":[{"@type":"ReadAction","target":["https:\/\/www.atelier7hz.com\/wp\/fr-fr\/project\/maison-pour-la-vie-de-la-fondation-verolouis-conception\/"]}]},{"@type":"ImageObject","inLanguage":"fr-FR","@id":"https:\/\/www.atelier7hz.com\/wp\/fr-fr\/project\/maison-pour-la-vie-de-la-fondation-verolouis-conception\/#primaryimage","url":"https:\/\/www.atelier7hz.com\/wp\/wp-content\/uploads\/2025\/02\/Maison_Vie-Fondation_VeroLouis.jpg","contentUrl":"https:\/\/www.atelier7hz.com\/wp\/wp-content\/uploads\/2025\/02\/Maison_Vie-Fondation_VeroLouis.jpg","width":669,"height":500},{"@type":"BreadcrumbList","@id":"https:\/\/www.atelier7hz.com\/wp\/fr-fr\/project\/maison-pour-la-vie-de-la-fondation-verolouis-conception\/#breadcrumb","itemListElement":[{"@type":"ListItem","position":1,"name":"Accueil","item":"https:\/\/www.atelier7hz.com\/wp\/"},{"@type":"ListItem","position":2,"name":"Projets","item":"https:\/\/www.atelier7hz.com\/wp\/project\/"},{"@type":"ListItem","position":3,"name":"Maison pour la Vie de la Fondation V\u00e9ro&#038;Louis &#8211; Conception"}]},{"@type":"WebSite","@id":"https:\/\/www.atelier7hz.com\/wp\/#website","url":"https:\/\/www.atelier7hz.com\/wp\/","name":"Atelier 7hz","description":"L&#039;excellence de l&#039;expertise, la clart\u00e9 des recommandations","publisher":{"@id":"https:\/\/www.atelier7hz.com\/wp\/#organization"},"potentialAction":[{"@type":"SearchAction","target":{"@type":"EntryPoint","urlTemplate":"https:\/\/www.atelier7hz.com\/wp\/?s={search_term_string}"},"query-input":{"@type":"PropertyValueSpecification","valueRequired":true,"valueName":"search_term_string"}}],"inLanguage":"fr-FR"},{"@type":"Organization","@id":"https:\/\/www.atelier7hz.com\/wp\/#organization","name":"Atelier 7hz","url":"https:\/\/www.atelier7hz.com\/wp\/","logo":{"@type":"ImageObject","inLanguage":"fr-FR","@id":"https:\/\/www.atelier7hz.com\/wp\/#\/schema\/logo\/image\/","url":"https:\/\/www.atelier7hz.com\/wp\/wp-content\/uploads\/2022\/11\/Logo-2022-carre-HD-1024-e1672417311684.png","contentUrl":"https:\/\/www.atelier7hz.com\/wp\/wp-content\/uploads\/2022\/11\/Logo-2022-carre-HD-1024-e1672417311684.png","width":300,"height":300,"caption":"Atelier 7hz"},"image":{"@id":"https:\/\/www.atelier7hz.com\/wp\/#\/schema\/logo\/image\/"},"sameAs":["https:\/\/www.facebook.com\/atelier7hz","https:\/\/www.linkedin.com\/company\/atelier-7hz"]}]}},"_links":{"self":[{"href":"https:\/\/www.atelier7hz.com\/wp\/wp-json\/wp\/v2\/project\/5690","targetHints":{"allow":["GET"]}}],"collection":[{"href":"https:\/\/www.atelier7hz.com\/wp\/wp-json\/wp\/v2\/project"}],"about":[{"href":"https:\/\/www.atelier7hz.com\/wp\/wp-json\/wp\/v2\/types\/project"}],"author":[{"embeddable":true,"href":"https:\/\/www.atelier7hz.com\/wp\/wp-json\/wp\/v2\/users\/4"}],"replies":[{"embeddable":true,"href":"https:\/\/www.atelier7hz.com\/wp\/wp-json\/wp\/v2\/comments?post=5690"}],"version-history":[{"count":7,"href":"https:\/\/www.atelier7hz.com\/wp\/wp-json\/wp\/v2\/project\/5690\/revisions"}],"predecessor-version":[{"id":6166,"href":"https:\/\/www.atelier7hz.com\/wp\/wp-json\/wp\/v2\/project\/5690\/revisions\/6166"}],"wp:featuredmedia":[{"embeddable":true,"href":"https:\/\/www.atelier7hz.com\/wp\/wp-json\/wp\/v2\/media\/6163"}],"wp:attachment":[{"href":"https:\/\/www.atelier7hz.com\/wp\/wp-json\/wp\/v2\/media?parent=5690"}],"wp:term":[{"taxonomy":"project_category","embeddable":true,"href":"https:\/\/www.atelier7hz.com\/wp\/wp-json\/wp\/v2\/project_category?post=5690"},{"taxonomy":"project_tag","embeddable":true,"href":"https:\/\/www.atelier7hz.com\/wp\/wp-json\/wp\/v2\/project_tag?post=5690"}],"curies":[{"name":"wp","href":"https:\/\/api.w.org\/{rel}","templated":true}]}}