{"id":5775,"date":"2024-12-13T03:08:19","date_gmt":"2024-12-13T08:08:19","guid":{"rendered":"https:\/\/www.atelier7hz.com\/wp\/?post_type=project&#038;p=5775"},"modified":"2025-08-22T08:15:31","modified_gmt":"2025-08-22T12:15:31","slug":"gare-rem-a-laeroport-pierre-elliott-trudeau","status":"publish","type":"project","link":"https:\/\/www.atelier7hz.com\/wp\/fr-fr\/project\/gare-rem-a-laeroport-pierre-elliott-trudeau\/","title":{"rendered":"Gare Train l\u00e9ger REM \u00e0 l\u2019A\u00e9roport Pierre-Elliott Trudeau"},"content":{"rendered":"\n[et_pb_section fb_built=\u00a0\u00bb1&Prime; _builder_version=\u00a0\u00bb4.16&Prime; background_color=\u00a0\u00bb#333333&Prime; parallax=\u00a0\u00bbon\u00a0\u00bb parallax_method=\u00a0\u00bboff\u00a0\u00bb transparent_background=\u00a0\u00bboff\u00a0\u00bb global_colors_info=\u00a0\u00bb{}\u00a0\u00bb][et_pb_row column_structure=\u00a0\u00bb1_2,1_2&Prime; _builder_version=\u00a0\u00bb4.16&Prime; background_size=\u00a0\u00bbinitial\u00a0\u00bb background_position=\u00a0\u00bbtop_left\u00a0\u00bb background_repeat=\u00a0\u00bbrepeat\u00a0\u00bb global_colors_info=\u00a0\u00bb{}\u00a0\u00bb][et_pb_column type=\u00a0\u00bb1_2&Prime; _builder_version=\u00a0\u00bb4.16&Prime; custom_padding=\u00a0\u00bb|||\u00a0\u00bb global_colors_info=\u00a0\u00bb{}\u00a0\u00bb custom_padding__hover=\u00a0\u00bb|||\u00a0\u00bb][et_pb_image src=\u00a0\u00bbhttps:\/\/www.atelier7hz.com\/wp\/wp-content\/uploads\/2022\/08\/Aeroport-PET.png\u00a0\u00bb title_text=\u00a0\u00bbA\u00e9roport PET\u00a0\u00bb align_tablet=\u00a0\u00bbcenter\u00a0\u00bb align_phone=\u00a0\u00bb\u00a0\u00bb align_last_edited=\u00a0\u00bbon|desktop\u00a0\u00bb admin_label=\u00a0\u00bbImage\u00a0\u00bb _builder_version=\u00a0\u00bb4.16&Prime; animation_style=\u00a0\u00bbslide\u00a0\u00bb animation_direction=\u00a0\u00bbleft\u00a0\u00bb animation_duration=\u00a0\u00bb500ms\u00a0\u00bb animation_intensity_slide=\u00a0\u00bb10%\u00a0\u00bb animation=\u00a0\u00bbleft\u00a0\u00bb sticky=\u00a0\u00bboff\u00a0\u00bb global_colors_info=\u00a0\u00bb{}\u00a0\u00bb][\/et_pb_image][\/et_pb_column][et_pb_column type=\u00a0\u00bb1_2&Prime; _builder_version=\u00a0\u00bb4.16&Prime; custom_padding=\u00a0\u00bb|||\u00a0\u00bb global_colors_info=\u00a0\u00bb{}\u00a0\u00bb custom_padding__hover=\u00a0\u00bb|||\u00a0\u00bb][et_pb_text admin_label=\u00a0\u00bbText\u00a0\u00bb _builder_version=\u00a0\u00bb4.16&Prime; background_size=\u00a0\u00bbinitial\u00a0\u00bb background_position=\u00a0\u00bbtop_left\u00a0\u00bb background_repeat=\u00a0\u00bbrepeat\u00a0\u00bb background_layout=\u00a0\u00bbdark\u00a0\u00bb global_colors_info=\u00a0\u00bb{}\u00a0\u00bb]<h1>Gare REM \u00e0 l&rsquo;A\u00e9roport Pierre-Elliott Trudeau<\/h1>\n<p>&nbsp;<\/p>[\/et_pb_text][et_pb_text admin_label=\u00a0\u00bbText\u00a0\u00bb _builder_version=\u00a0\u00bb4.16&Prime; background_size=\u00a0\u00bbinitial\u00a0\u00bb background_position=\u00a0\u00bbtop_left\u00a0\u00bb background_repeat=\u00a0\u00bbrepeat\u00a0\u00bb background_layout=\u00a0\u00bbdark\u00a0\u00bb global_colors_info=\u00a0\u00bb{}\u00a0\u00bb]<h4>Description g\u00e9n\u00e9rale<\/h4>\n<p style=\"text-align: justify;\"><span lang=\"FR-CA\">Ce projet concerne la surveillance du bruit et des vibrations \u00e9mis par les travaux de construction de la station du REM \u00e0 l\u2019A\u00e9roport Pierre-Elliott Trudeau de Montr\u00e9al. Atelier 7hz a r\u00e9dig\u00e9 le programme de gestion du bruit et le programme de gestion des vibrations, pour les diff\u00e9rentes phases de projet, dans le but de d\u00e9terminer les mesures r\u00e9alisables pour minimiser les impacts et identifier les mesures de suivi requises.<o:p><\/o:p><\/span><\/p>\n<h4>Principaux d\u00e9fis<\/h4>\n<p style=\"text-align: justify;\"><span lang=\"FR-CA\">Des zones sensibles tels qu\u2019une garderie, deux h\u00f4tels et le d\u00e9barcad\u00e8re, sont pr\u00e9sents \u00e0 proximit\u00e9 imm\u00e9diate des travaux. Une \u00e9valuation des niveaux sonores avant travaux a \u00e9t\u00e9 r\u00e9alis\u00e9e pour ces zones sensibles, et une \u00e9valuation de l\u2019impact pr\u00e9visible des travaux pendant les diff\u00e9rentes phases a ensuite \u00e9t\u00e9 r\u00e9alis\u00e9e. En cas de d\u00e9passements pr\u00e9visibles des seuils r\u00e9glementaires, des mesures d\u2019att\u00e9nuation sonore ont \u00e9t\u00e9 recommand\u00e9es.<o:p><\/o:p><\/span><\/p>\n<p>&nbsp;<\/p>\n<p><strong><span lang=\"FR-CA\">Ann\u00e9e :<\/span><\/strong><span lang=\"FR-CA\"> 2022-2023 \u2013 <strong>Client :<\/strong> ADM\/Connect Cit\u00e9<\/span><\/p>\n<p>&nbsp;<\/p>[\/et_pb_text][et_pb_cta button_url=\u00a0\u00bb\/wp\/fr-fr\/projets-2&Prime; button_text=\u00a0\u00bbRevenir \u00e0 la liste des projets\u00a0\u00bb admin_label=\u00a0\u00bbAppel d&rsquo;action\u00a0\u00bb _builder_version=\u00a0\u00bb4.20.0&Prime; use_background_color=\u00a0\u00bboff\u00a0\u00bb background_size=\u00a0\u00bbinitial\u00a0\u00bb background_position=\u00a0\u00bbtop_left\u00a0\u00bb background_repeat=\u00a0\u00bbrepeat\u00a0\u00bb text_orientation=\u00a0\u00bbright\u00a0\u00bb global_colors_info=\u00a0\u00bb{}\u00a0\u00bb button_text_size__hover_enabled=\u00a0\u00bboff\u00a0\u00bb button_one_text_size__hover_enabled=\u00a0\u00bboff\u00a0\u00bb button_two_text_size__hover_enabled=\u00a0\u00bboff\u00a0\u00bb button_text_color__hover_enabled=\u00a0\u00bboff\u00a0\u00bb button_one_text_color__hover_enabled=\u00a0\u00bboff\u00a0\u00bb button_two_text_color__hover_enabled=\u00a0\u00bboff\u00a0\u00bb button_border_width__hover_enabled=\u00a0\u00bboff\u00a0\u00bb button_one_border_width__hover_enabled=\u00a0\u00bboff\u00a0\u00bb button_two_border_width__hover_enabled=\u00a0\u00bboff\u00a0\u00bb button_border_color__hover_enabled=\u00a0\u00bboff\u00a0\u00bb button_one_border_color__hover_enabled=\u00a0\u00bboff\u00a0\u00bb button_two_border_color__hover_enabled=\u00a0\u00bboff\u00a0\u00bb button_border_radius__hover_enabled=\u00a0\u00bboff\u00a0\u00bb button_one_border_radius__hover_enabled=\u00a0\u00bboff\u00a0\u00bb button_two_border_radius__hover_enabled=\u00a0\u00bboff\u00a0\u00bb button_letter_spacing__hover_enabled=\u00a0\u00bboff\u00a0\u00bb button_one_letter_spacing__hover_enabled=\u00a0\u00bboff\u00a0\u00bb button_two_letter_spacing__hover_enabled=\u00a0\u00bboff\u00a0\u00bb button_bg_color__hover_enabled=\u00a0\u00bboff\u00a0\u00bb button_one_bg_color__hover_enabled=\u00a0\u00bboff\u00a0\u00bb button_two_bg_color__hover_enabled=\u00a0\u00bboff\u00a0\u00bb][\/et_pb_cta][\/et_pb_column][\/et_pb_row][\/et_pb_section]\n","protected":false},"excerpt":{"rendered":"<p>Gare REM \u00e0 l&rsquo;A\u00e9roport Pierre-Elliott Trudeau &nbsp;Description g\u00e9n\u00e9rale Ce projet concerne la surveillance du bruit et des vibrations \u00e9mis par les travaux de construction de la station du REM \u00e0 l\u2019A\u00e9roport Pierre-Elliott Trudeau de Montr\u00e9al. Atelier 7hz a r\u00e9dig\u00e9 le programme de gestion du bruit et le programme de gestion des vibrations, pour les diff\u00e9rentes [&hellip;]<\/p>\n","protected":false},"author":4,"featured_media":3024,"comment_status":"closed","ping_status":"closed","template":"","meta":{"_et_pb_use_builder":"on","_et_pb_old_content":"","_et_gb_content_width":"","_exactmetrics_skip_tracking":false,"_exactmetrics_sitenote_active":false,"_exactmetrics_sitenote_note":"","_exactmetrics_sitenote_category":0,"footnotes":""},"project_category":[460,371,207,15,203],"project_tag":[],"class_list":["post-5775","project","type-project","status-publish","has-post-thumbnail","hentry","project_category-etudes-impact-bruit-vibrations-infra-transports","project_category-ferroviaire-bus","project_category-transport","project_category-projets","project_category-travaux"],"yoast_head":"<!-- This site is optimized with the Yoast SEO plugin v25.8 - https:\/\/yoast.com\/wordpress\/plugins\/seo\/ -->\n<title>Gare Train l\u00e9ger REM \u00e0 l\u2019A\u00e9roport Pierre-Elliott Trudeau - Atelier 7hz<\/title>\n<meta name=\"description\" content=\"Gare Train l\u00e9ger REM \u00e0 l\u2019A\u00e9roport Pierre-Elliott Trudeau Atelier 7hz acoustics acoustique\" \/>\n<meta name=\"robots\" content=\"index, follow, max-snippet:-1, max-image-preview:large, max-video-preview:-1\" \/>\n<link rel=\"canonical\" href=\"https:\/\/www.atelier7hz.com\/wp\/fr-fr\/project\/gare-rem-a-laeroport-pierre-elliott-trudeau\/\" \/>\n<meta property=\"og:locale\" content=\"fr_FR\" \/>\n<meta property=\"og:type\" content=\"article\" \/>\n<meta property=\"og:title\" content=\"Gare Train l\u00e9ger REM \u00e0 l\u2019A\u00e9roport Pierre-Elliott Trudeau - Atelier 7hz\" \/>\n<meta property=\"og:description\" content=\"Gare Train l\u00e9ger REM \u00e0 l\u2019A\u00e9roport Pierre-Elliott Trudeau Atelier 7hz acoustics acoustique\" \/>\n<meta property=\"og:url\" content=\"https:\/\/www.atelier7hz.com\/wp\/fr-fr\/project\/gare-rem-a-laeroport-pierre-elliott-trudeau\/\" \/>\n<meta property=\"og:site_name\" content=\"Atelier 7hz\" \/>\n<meta property=\"article:publisher\" content=\"https:\/\/www.facebook.com\/atelier7hz\" \/>\n<meta property=\"article:modified_time\" content=\"2025-08-22T12:15:31+00:00\" \/>\n<meta property=\"og:image\" content=\"https:\/\/www.atelier7hz.com\/wp\/wp-content\/uploads\/2022\/08\/Aeroport-PET-e1734434903983.png\" \/>\n\t<meta property=\"og:image:width\" content=\"484\" \/>\n\t<meta property=\"og:image:height\" content=\"323\" \/>\n\t<meta property=\"og:image:type\" content=\"image\/png\" \/>\n<meta name=\"twitter:card\" content=\"summary_large_image\" \/>\n<meta name=\"twitter:label1\" content=\"Dur\u00e9e de lecture estim\u00e9e\" \/>\n\t<meta name=\"twitter:data1\" content=\"2 minutes\" \/>\n<script type=\"application\/ld+json\" class=\"yoast-schema-graph\">{\"@context\":\"https:\/\/schema.org\",\"@graph\":[{\"@type\":\"WebPage\",\"@id\":\"https:\/\/www.atelier7hz.com\/wp\/fr-fr\/project\/gare-rem-a-laeroport-pierre-elliott-trudeau\/\",\"url\":\"https:\/\/www.atelier7hz.com\/wp\/fr-fr\/project\/gare-rem-a-laeroport-pierre-elliott-trudeau\/\",\"name\":\"Gare Train l\u00e9ger REM \u00e0 l\u2019A\u00e9roport Pierre-Elliott Trudeau - Atelier 7hz\",\"isPartOf\":{\"@id\":\"https:\/\/www.atelier7hz.com\/wp\/#website\"},\"primaryImageOfPage\":{\"@id\":\"https:\/\/www.atelier7hz.com\/wp\/fr-fr\/project\/gare-rem-a-laeroport-pierre-elliott-trudeau\/#primaryimage\"},\"image\":{\"@id\":\"https:\/\/www.atelier7hz.com\/wp\/fr-fr\/project\/gare-rem-a-laeroport-pierre-elliott-trudeau\/#primaryimage\"},\"thumbnailUrl\":\"https:\/\/www.atelier7hz.com\/wp\/wp-content\/uploads\/2022\/08\/Aeroport-PET-e1734434903983.png\",\"datePublished\":\"2024-12-13T08:08:19+00:00\",\"dateModified\":\"2025-08-22T12:15:31+00:00\",\"description\":\"Gare Train l\u00e9ger REM \u00e0 l\u2019A\u00e9roport Pierre-Elliott Trudeau Atelier 7hz acoustics acoustique\",\"breadcrumb\":{\"@id\":\"https:\/\/www.atelier7hz.com\/wp\/fr-fr\/project\/gare-rem-a-laeroport-pierre-elliott-trudeau\/#breadcrumb\"},\"inLanguage\":\"fr-FR\",\"potentialAction\":[{\"@type\":\"ReadAction\",\"target\":[\"https:\/\/www.atelier7hz.com\/wp\/fr-fr\/project\/gare-rem-a-laeroport-pierre-elliott-trudeau\/\"]}]},{\"@type\":\"ImageObject\",\"inLanguage\":\"fr-FR\",\"@id\":\"https:\/\/www.atelier7hz.com\/wp\/fr-fr\/project\/gare-rem-a-laeroport-pierre-elliott-trudeau\/#primaryimage\",\"url\":\"https:\/\/www.atelier7hz.com\/wp\/wp-content\/uploads\/2022\/08\/Aeroport-PET-e1734434903983.png\",\"contentUrl\":\"https:\/\/www.atelier7hz.com\/wp\/wp-content\/uploads\/2022\/08\/Aeroport-PET-e1734434903983.png\",\"width\":484,\"height\":323,\"caption\":\"Surveillance Travaux Constructions - Gare REM A\u00e9roport PET - Vibrations - Acoustique\"},{\"@type\":\"BreadcrumbList\",\"@id\":\"https:\/\/www.atelier7hz.com\/wp\/fr-fr\/project\/gare-rem-a-laeroport-pierre-elliott-trudeau\/#breadcrumb\",\"itemListElement\":[{\"@type\":\"ListItem\",\"position\":1,\"name\":\"Accueil\",\"item\":\"https:\/\/www.atelier7hz.com\/wp\/\"},{\"@type\":\"ListItem\",\"position\":2,\"name\":\"Projets\",\"item\":\"https:\/\/www.atelier7hz.com\/wp\/project\/\"},{\"@type\":\"ListItem\",\"position\":3,\"name\":\"Gare Train l\u00e9ger REM \u00e0 l\u2019A\u00e9roport Pierre-Elliott Trudeau\"}]},{\"@type\":\"WebSite\",\"@id\":\"https:\/\/www.atelier7hz.com\/wp\/#website\",\"url\":\"https:\/\/www.atelier7hz.com\/wp\/\",\"name\":\"Atelier 7hz\",\"description\":\"L&#039;excellence de l&#039;expertise, la clart\u00e9 des recommandations\",\"publisher\":{\"@id\":\"https:\/\/www.atelier7hz.com\/wp\/#organization\"},\"potentialAction\":[{\"@type\":\"SearchAction\",\"target\":{\"@type\":\"EntryPoint\",\"urlTemplate\":\"https:\/\/www.atelier7hz.com\/wp\/?s={search_term_string}\"},\"query-input\":{\"@type\":\"PropertyValueSpecification\",\"valueRequired\":true,\"valueName\":\"search_term_string\"}}],\"inLanguage\":\"fr-FR\"},{\"@type\":\"Organization\",\"@id\":\"https:\/\/www.atelier7hz.com\/wp\/#organization\",\"name\":\"Atelier 7hz\",\"url\":\"https:\/\/www.atelier7hz.com\/wp\/\",\"logo\":{\"@type\":\"ImageObject\",\"inLanguage\":\"fr-FR\",\"@id\":\"https:\/\/www.atelier7hz.com\/wp\/#\/schema\/logo\/image\/\",\"url\":\"https:\/\/www.atelier7hz.com\/wp\/wp-content\/uploads\/2022\/11\/Logo-2022-carre-HD-1024-e1672417311684.png\",\"contentUrl\":\"https:\/\/www.atelier7hz.com\/wp\/wp-content\/uploads\/2022\/11\/Logo-2022-carre-HD-1024-e1672417311684.png\",\"width\":300,\"height\":300,\"caption\":\"Atelier 7hz\"},\"image\":{\"@id\":\"https:\/\/www.atelier7hz.com\/wp\/#\/schema\/logo\/image\/\"},\"sameAs\":[\"https:\/\/www.facebook.com\/atelier7hz\",\"https:\/\/www.linkedin.com\/company\/atelier-7hz\"]}]}<\/script>\n<!-- \/ Yoast SEO plugin. -->","yoast_head_json":{"title":"Gare Train l\u00e9ger REM \u00e0 l\u2019A\u00e9roport Pierre-Elliott Trudeau - Atelier 7hz","description":"Gare Train l\u00e9ger REM \u00e0 l\u2019A\u00e9roport Pierre-Elliott Trudeau Atelier 7hz acoustics acoustique","robots":{"index":"index","follow":"follow","max-snippet":"max-snippet:-1","max-image-preview":"max-image-preview:large","max-video-preview":"max-video-preview:-1"},"canonical":"https:\/\/www.atelier7hz.com\/wp\/fr-fr\/project\/gare-rem-a-laeroport-pierre-elliott-trudeau\/","og_locale":"fr_FR","og_type":"article","og_title":"Gare Train l\u00e9ger REM \u00e0 l\u2019A\u00e9roport Pierre-Elliott Trudeau - Atelier 7hz","og_description":"Gare Train l\u00e9ger REM \u00e0 l\u2019A\u00e9roport Pierre-Elliott Trudeau Atelier 7hz acoustics acoustique","og_url":"https:\/\/www.atelier7hz.com\/wp\/fr-fr\/project\/gare-rem-a-laeroport-pierre-elliott-trudeau\/","og_site_name":"Atelier 7hz","article_publisher":"https:\/\/www.facebook.com\/atelier7hz","article_modified_time":"2025-08-22T12:15:31+00:00","og_image":[{"width":484,"height":323,"url":"https:\/\/www.atelier7hz.com\/wp\/wp-content\/uploads\/2022\/08\/Aeroport-PET-e1734434903983.png","type":"image\/png"}],"twitter_card":"summary_large_image","twitter_misc":{"Dur\u00e9e de lecture estim\u00e9e":"2 minutes"},"schema":{"@context":"https:\/\/schema.org","@graph":[{"@type":"WebPage","@id":"https:\/\/www.atelier7hz.com\/wp\/fr-fr\/project\/gare-rem-a-laeroport-pierre-elliott-trudeau\/","url":"https:\/\/www.atelier7hz.com\/wp\/fr-fr\/project\/gare-rem-a-laeroport-pierre-elliott-trudeau\/","name":"Gare Train l\u00e9ger REM \u00e0 l\u2019A\u00e9roport Pierre-Elliott Trudeau - Atelier 7hz","isPartOf":{"@id":"https:\/\/www.atelier7hz.com\/wp\/#website"},"primaryImageOfPage":{"@id":"https:\/\/www.atelier7hz.com\/wp\/fr-fr\/project\/gare-rem-a-laeroport-pierre-elliott-trudeau\/#primaryimage"},"image":{"@id":"https:\/\/www.atelier7hz.com\/wp\/fr-fr\/project\/gare-rem-a-laeroport-pierre-elliott-trudeau\/#primaryimage"},"thumbnailUrl":"https:\/\/www.atelier7hz.com\/wp\/wp-content\/uploads\/2022\/08\/Aeroport-PET-e1734434903983.png","datePublished":"2024-12-13T08:08:19+00:00","dateModified":"2025-08-22T12:15:31+00:00","description":"Gare Train l\u00e9ger REM \u00e0 l\u2019A\u00e9roport Pierre-Elliott Trudeau Atelier 7hz acoustics acoustique","breadcrumb":{"@id":"https:\/\/www.atelier7hz.com\/wp\/fr-fr\/project\/gare-rem-a-laeroport-pierre-elliott-trudeau\/#breadcrumb"},"inLanguage":"fr-FR","potentialAction":[{"@type":"ReadAction","target":["https:\/\/www.atelier7hz.com\/wp\/fr-fr\/project\/gare-rem-a-laeroport-pierre-elliott-trudeau\/"]}]},{"@type":"ImageObject","inLanguage":"fr-FR","@id":"https:\/\/www.atelier7hz.com\/wp\/fr-fr\/project\/gare-rem-a-laeroport-pierre-elliott-trudeau\/#primaryimage","url":"https:\/\/www.atelier7hz.com\/wp\/wp-content\/uploads\/2022\/08\/Aeroport-PET-e1734434903983.png","contentUrl":"https:\/\/www.atelier7hz.com\/wp\/wp-content\/uploads\/2022\/08\/Aeroport-PET-e1734434903983.png","width":484,"height":323,"caption":"Surveillance Travaux Constructions - Gare REM A\u00e9roport PET - Vibrations - Acoustique"},{"@type":"BreadcrumbList","@id":"https:\/\/www.atelier7hz.com\/wp\/fr-fr\/project\/gare-rem-a-laeroport-pierre-elliott-trudeau\/#breadcrumb","itemListElement":[{"@type":"ListItem","position":1,"name":"Accueil","item":"https:\/\/www.atelier7hz.com\/wp\/"},{"@type":"ListItem","position":2,"name":"Projets","item":"https:\/\/www.atelier7hz.com\/wp\/project\/"},{"@type":"ListItem","position":3,"name":"Gare Train l\u00e9ger REM \u00e0 l\u2019A\u00e9roport Pierre-Elliott Trudeau"}]},{"@type":"WebSite","@id":"https:\/\/www.atelier7hz.com\/wp\/#website","url":"https:\/\/www.atelier7hz.com\/wp\/","name":"Atelier 7hz","description":"L&#039;excellence de l&#039;expertise, la clart\u00e9 des recommandations","publisher":{"@id":"https:\/\/www.atelier7hz.com\/wp\/#organization"},"potentialAction":[{"@type":"SearchAction","target":{"@type":"EntryPoint","urlTemplate":"https:\/\/www.atelier7hz.com\/wp\/?s={search_term_string}"},"query-input":{"@type":"PropertyValueSpecification","valueRequired":true,"valueName":"search_term_string"}}],"inLanguage":"fr-FR"},{"@type":"Organization","@id":"https:\/\/www.atelier7hz.com\/wp\/#organization","name":"Atelier 7hz","url":"https:\/\/www.atelier7hz.com\/wp\/","logo":{"@type":"ImageObject","inLanguage":"fr-FR","@id":"https:\/\/www.atelier7hz.com\/wp\/#\/schema\/logo\/image\/","url":"https:\/\/www.atelier7hz.com\/wp\/wp-content\/uploads\/2022\/11\/Logo-2022-carre-HD-1024-e1672417311684.png","contentUrl":"https:\/\/www.atelier7hz.com\/wp\/wp-content\/uploads\/2022\/11\/Logo-2022-carre-HD-1024-e1672417311684.png","width":300,"height":300,"caption":"Atelier 7hz"},"image":{"@id":"https:\/\/www.atelier7hz.com\/wp\/#\/schema\/logo\/image\/"},"sameAs":["https:\/\/www.facebook.com\/atelier7hz","https:\/\/www.linkedin.com\/company\/atelier-7hz"]}]}},"_links":{"self":[{"href":"https:\/\/www.atelier7hz.com\/wp\/wp-json\/wp\/v2\/project\/5775","targetHints":{"allow":["GET"]}}],"collection":[{"href":"https:\/\/www.atelier7hz.com\/wp\/wp-json\/wp\/v2\/project"}],"about":[{"href":"https:\/\/www.atelier7hz.com\/wp\/wp-json\/wp\/v2\/types\/project"}],"author":[{"embeddable":true,"href":"https:\/\/www.atelier7hz.com\/wp\/wp-json\/wp\/v2\/users\/4"}],"replies":[{"embeddable":true,"href":"https:\/\/www.atelier7hz.com\/wp\/wp-json\/wp\/v2\/comments?post=5775"}],"version-history":[{"count":7,"href":"https:\/\/www.atelier7hz.com\/wp\/wp-json\/wp\/v2\/project\/5775\/revisions"}],"predecessor-version":[{"id":6623,"href":"https:\/\/www.atelier7hz.com\/wp\/wp-json\/wp\/v2\/project\/5775\/revisions\/6623"}],"wp:featuredmedia":[{"embeddable":true,"href":"https:\/\/www.atelier7hz.com\/wp\/wp-json\/wp\/v2\/media\/3024"}],"wp:attachment":[{"href":"https:\/\/www.atelier7hz.com\/wp\/wp-json\/wp\/v2\/media?parent=5775"}],"wp:term":[{"taxonomy":"project_category","embeddable":true,"href":"https:\/\/www.atelier7hz.com\/wp\/wp-json\/wp\/v2\/project_category?post=5775"},{"taxonomy":"project_tag","embeddable":true,"href":"https:\/\/www.atelier7hz.com\/wp\/wp-json\/wp\/v2\/project_tag?post=5775"}],"curies":[{"name":"wp","href":"https:\/\/api.w.org\/{rel}","templated":true}]}}